{"id":2189,"date":"2023-12-13T12:06:24","date_gmt":"2023-12-13T11:06:24","guid":{"rendered":"https:\/\/hrachovec.valmez.cz\/?page_id=2189"},"modified":"2023-12-13T12:14:53","modified_gmt":"2023-12-13T11:14:53","slug":"jak-prilepsit-zveri-v-zimnim-obdobi","status":"publish","type":"page","link":"https:\/\/hrachovec.valmez.cz\/?page_id=2189","title":{"rendered":"Jak p\u0159ilep\u0161it zv\u011b\u0159i v zimn\u00edm obdob\u00ed?"},"content":{"rendered":"\n<figure class=\"wp-block-image alignright size-large is-resized\"><img loading=\"lazy\" decoding=\"async\" width=\"1024\" height=\"768\" src=\"https:\/\/hrachovec.valmez.cz\/wp-content\/uploads\/2023\/12\/Krmelec-1024x768.jpg\" alt=\"\" class=\"wp-image-2187\" style=\"width:407px;height:auto\" srcset=\"https:\/\/hrachovec.valmez.cz\/wp-content\/uploads\/2023\/12\/Krmelec-1024x768.jpg 1024w, https:\/\/hrachovec.valmez.cz\/wp-content\/uploads\/2023\/12\/Krmelec-300x225.jpg 300w, https:\/\/hrachovec.valmez.cz\/wp-content\/uploads\/2023\/12\/Krmelec-768x576.jpg 768w, https:\/\/hrachovec.valmez.cz\/wp-content\/uploads\/2023\/12\/Krmelec-1536x1152.jpg 1536w, https:\/\/hrachovec.valmez.cz\/wp-content\/uploads\/2023\/12\/Krmelec-2048x1536.jpg 2048w\" sizes=\"auto, (max-width: 1024px) 100vw, 1024px\" \/><\/figure>\n\n\n\n<p class=\"has-text-align-left\">P\u0159i zav\u00e1\u017een\u00ed krmn\u00fdch za\u0159\u00edzen\u00ed se myslivci \u010dasto pot\u00fdkaj\u00ed s t\u00edm, \u017ee lid\u00e9 v dobr\u00e9m \u00famyslu p\u0159in\u00e1\u0161ej\u00ed do lesa n\u011bco na p\u0159ilep\u0161enou, ale bohu\u017eel to nen\u00ed v\u017edy spr\u00e1vn\u011b. \u0160patn\u011b zvolen\u00e9 krmen\u00ed m\u016f\u017ee zp\u016fsobit mnoho probl\u00e9m\u016f. T\u00edmto kr\u00e1tk\u00fdm \u010dl\u00e1nkem bych cht\u011bl vysv\u011btlit, co je pro zv\u011b\u0159 vhodn\u00e9.<\/p>\n\n\n\n<p>N\u00e1\u0161 spolek Vesel\u00e1-Hrachovec ka\u017edoro\u010dn\u011b p\u0159ipravuje vlastn\u00ed seno a krmnou sm\u011bs pro sp\u00e1rkatou zv\u011b\u0159, p\u0159edev\u0161\u00edm pro zv\u011b\u0159 srn\u010d\u00ed v na\u0161\u00ed oblasti. Sm\u011bs obsahuje oves, otruby, kuku\u0159ici a mix vitam\u00edn\u016f a miner\u00e1l\u016f. Myslivci tuto sm\u011bs pou\u017e\u00edvaj\u00ed k p\u0159ikrmov\u00e1n\u00ed zv\u011b\u0159e v zimn\u00edm obdob\u00ed, aby m\u011bla dostatek \u017eivin a pot\u0159ebn\u00fdch l\u00e1tek. V p\u0159\u00edpad\u011b, \u017ee napadne velk\u00e9 mno\u017estv\u00ed sn\u011bhu a teploty jsou velmi n\u00edzk\u00e9, je pro zv\u011b\u0159 n\u00e1ro\u010dn\u00e9 obstarat si potravu b\u011b\u017en\u00fdm zp\u016fsobem, zima tak\u00e9 zvy\u0161uje celkovou z\u00e1t\u011b\u017e na organismus a kalorickou pot\u0159ebu zv\u011b\u0159e.<\/p>\n\n\n\n<p class=\"has-text-align-left\">V mnoha rodin\u00e1ch v Hrachovci a Vesel\u00e9 je tradic\u00ed chodit pravideln\u011b do krmelc\u016f v obdob\u00ed V\u00e1noc a nov\u00e9ho roku a p\u0159in\u00e1\u0161et zv\u011b\u0159i &#8222;d\u00e1rky&#8220; a n\u011bco na zub. Je to kr\u00e1sn\u00fd zvyk, kter\u00fd ocen\u00ed nejen zv\u011b\u0159, ale tak\u00e9 myslivci. Z jadrn\u00fdch krmiv lze zv\u011b\u0159i nab\u00eddnout oves a dal\u0161\u00ed dobroty, jako jsou ka\u0161tany, \u017ealudy a bukvice. Z du\u017enat\u00fdch krmiv jsou vhodn\u00e1 jablka, mrkev a \u0159epa. Objemov\u00e9 krmivo, jako je seno, su\u0161en\u00fd jetel a letnina, si myslivci zaji\u0161\u0165uj\u00ed sami, proto\u017ee mus\u00ed b\u00fdt kvalitn\u011b usu\u0161eno. Nen\u00ed vhodn\u00e9 nosit vlastn\u00ed objemov\u00e9 krmivo do na\u0161ich krmelc\u016f. Uveden\u00e9 krmivo je pouze \u010d\u00e1st toho, co m\u016f\u017eete zv\u011b\u0159i nab\u00eddnout, ale je to vyzkou\u0161en\u00fd v\u00fdb\u011br, na kter\u00fd je zv\u011b\u0159 zvykl\u00e1.<\/p>\n\n\n\n<p>Krmen\u00ed by m\u011blo b\u00fdt um\u00edst\u011bno do kor\u00fdtek, aby nedoch\u00e1zelo ke kontaminaci v\u00fdkaly a nem\u011bli k n\u011bmu p\u0159\u00edstup hlodavci, co\u017e m\u016f\u017ee zp\u016fsobit celou \u0159adu nemoc\u00ed. Krmivo nesm\u00ed b\u00fdt shnil\u00e9 nebo plesniv\u00e9. Pro zv\u011b\u0159 je vhodn\u00e1 potrava, kter\u00e1 roste v p\u0159\u00edrod\u011b, a je pod\u00e1v\u00e1na bu\u010f kvalitn\u011b usu\u0161en\u00e1 nebo v \u010derstv\u00e9m stavu.<\/p>\n\n\n\n<p>V\u0161em lidem, kte\u0159\u00ed se sna\u017e\u00ed zv\u011b\u0159i dop\u0159\u00e1t n\u011bco nav\u00edc, bych cht\u011bl up\u0159\u00edmn\u011b pod\u011bkovat. Za mysliveck\u00fd spolek Vesel\u00e1-Hrachovec v\u00e1m p\u0159eji v\u0161e nejlep\u0161\u00ed do nov\u00e9ho roku a pohodov\u00e9 V\u00e1noce.<\/p>\n\n\n\n<p>P\u0159edseda mysliveck\u00e9ho spolku Vesel\u00e1-Hrachovec, Ing. Libor Ml\u00fdnek<\/p>\n","protected":false},"excerpt":{"rendered":"<p>P\u0159i zav\u00e1\u017een\u00ed krmn\u00fdch za\u0159\u00edzen\u00ed se myslivci \u010dasto pot\u00fdkaj\u00ed s t\u00edm, \u017ee lid\u00e9 v dobr\u00e9m \u00famyslu p\u0159in\u00e1\u0161ej\u00ed do lesa n\u011bco na<\/p>\n","protected":false},"author":2,"featured_media":0,"parent":0,"menu_order":0,"comment_status":"closed","ping_status":"closed","template":"","meta":{"colormag_page_container_layout":"default_layout","colormag_page_sidebar_layout":"default_layout","ngg_post_thumbnail":0,"_mc_calendar":[],"footnotes":""},"class_list":["post-2189","page","type-page","status-publish","hentry"],"_links":{"self":[{"href":"https:\/\/hrachovec.valmez.cz\/index.php?rest_route=\/wp\/v2\/pages\/2189","targetHints":{"allow":["GET"]}}],"collection":[{"href":"https:\/\/hrachovec.valmez.cz\/index.php?rest_route=\/wp\/v2\/pages"}],"about":[{"href":"https:\/\/hrachovec.valmez.cz\/index.php?rest_route=\/wp\/v2\/types\/page"}],"author":[{"embeddable":true,"href":"https:\/\/hrachovec.valmez.cz\/index.php?rest_route=\/wp\/v2\/users\/2"}],"replies":[{"embeddable":true,"href":"https:\/\/hrachovec.valmez.cz\/index.php?rest_route=%2Fwp%2Fv2%2Fcomments&post=2189"}],"version-history":[{"count":5,"href":"https:\/\/hrachovec.valmez.cz\/index.php?rest_route=\/wp\/v2\/pages\/2189\/revisions"}],"predecessor-version":[{"id":2199,"href":"https:\/\/hrachovec.valmez.cz\/index.php?rest_route=\/wp\/v2\/pages\/2189\/revisions\/2199"}],"wp:attachment":[{"href":"https:\/\/hrachovec.valmez.cz\/index.php?rest_route=%2Fwp%2Fv2%2Fmedia&parent=2189"}],"curies":[{"name":"wp","href":"https:\/\/api.w.org\/{rel}","templated":true}]}}